{"id":10540,"date":"2024-10-10T11:19:29","date_gmt":"2024-10-10T09:19:29","guid":{"rendered":"https:\/\/www.storms-galerie.de\/?page_id=10540"},"modified":"2026-03-13T17:42:41","modified_gmt":"2026-03-13T16:42:41","slug":"biography","status":"publish","type":"page","link":"https:\/\/www.storms-galerie.de\/en\/artists\/marton-nemes\/biography","title":{"rendered":"biography"},"content":{"rendered":"\n\t\t<section  class=\"content-section      mb-20-xs mb-30-sm  \" >\n\n\t\t\t<div class=\"row   \">\n\n\t\t\t\t[vc_column width=&#8221;1\/3&#8243;]\n\t\t<div class=\"ls-vc-image wpb_content_element\">\n\n\t\t\t\n\t\t\t\t<div class=\"image\">\n\n\t\t\t\t\t<div class=\"image__img\">\n\t\t\t\t\t\t<img loading=\"lazy\" decoding=\"async\" width=\"1080\" height=\"1350\" src=\"https:\/\/www.storms-galerie.de\/wp-content\/uploads\/2025\/07\/marton-nemes-portrait.jpg\" class=\"\" alt=\"\" srcset=\"https:\/\/www.storms-galerie.de\/wp-content\/uploads\/2025\/07\/marton-nemes-portrait.jpg 1080w, https:\/\/www.storms-galerie.de\/wp-content\/uploads\/2025\/07\/marton-nemes-portrait-240x300.jpg 240w, https:\/\/www.storms-galerie.de\/wp-content\/uploads\/2025\/07\/marton-nemes-portrait-819x1024.jpg 819w, https:\/\/www.storms-galerie.de\/wp-content\/uploads\/2025\/07\/marton-nemes-portrait-768x960.jpg 768w, https:\/\/www.storms-galerie.de\/wp-content\/uploads\/2025\/07\/marton-nemes-portrait-992x1240.jpg 992w, https:\/\/www.storms-galerie.de\/wp-content\/uploads\/2025\/07\/marton-nemes-portrait-1024x1280.jpg 1024w\" sizes=\"auto, (max-width: 1080px) 100vw, 1080px\" \/>\t\t\t\t\t<\/div>\n\n\t\t\t\t\t\n\t\t\t\t<\/div>\n\n\t\t\t\n\t\t<\/div><!-- end \/.ls-vc-image -->\n\n\t\t[\/vc_column][vc_column width=&#8221;2\/3&#8243;][vc_column_text css=&#8221;&#8221;]\n<p style=\"text-align: justify\">M\u00e1rton Nemes (b. 1986, Sz\u00e9kesfeh\u00e9rv\u00e1r, Hungary) is a multimedia artist based in New York and Budapest, creating paintings, sculptures, installations and sounds.<\/p>\n<p style=\"text-align: justify\">He received an MFA from Chelsea College of Arts, London in 2018.<\/p>\n<p style=\"text-align: justify\">Initially inspired by the architecture of Budapest, a city that he has spent the majority of his life residing in, Nemes\u2019s practice is rooted in the colourful abstraction of buildings. Since this early work, and after moving to London, Nemes has been heavily influenced by techno subcultures, continuing to create abstracted colourful works whilst attempting to duplicate the atmosphere and experience of rave culture, creating a disintegration and rearrangement of the pictorial state. Made using a range of materials, Nemes\u2019s artworks are eager to expand and bend, referencing the escapist counter cultures associated with rave scenes, creating multisensory, diverse experiences.<\/p>\n[\/vc_column_text][\/vc_column]\n\t\t\t<\/div>\n\n\t\t\t\n\t\t\t\n\t\t\t\n\t\t\t\n\t\t<\/section>\n\n\t\n\t\t<section  class=\"content-section      mb-20-xs mb-30-sm  \" >\n\n\t\t\t<div class=\"row   \">\n\n\t\t\t\t[vc_column][ls_vc_spacer vc_height=&#8221;30&#8243;][\/vc_column]\n\t\t\t<\/div>\n\n\t\t\t\n\t\t\t\n\t\t\t\n\t\t\t\n\t\t<\/section>\n\n\t\n\t\t<section  class=\"content-section      mb-20-xs mb-30-sm  \" >\n\n\t\t\t<div class=\"row   \">\n\n\t\t\t\t[vc_column][vc_column_text css=&#8221;&#8221;]<strong>education<\/strong><\/p>\n<p><strong>2017-18<\/strong><br \/>\nMFA, Chelsea College of Arts, University of Arts London<br \/>\n<strong>2008-13<\/strong><br \/>\nHungarian University of Fine Arts, Painting Department, Budapest<br \/>\n<strong>2005-08<\/strong><br \/>\nBudapest Technical University, Industrial Design Department, Budapest<\/p>\n<div class=\"ls-shortcode-spacer clearfix\"><div class=\"spacer\"  style=\"height: 30px\"><\/div><\/div>\n<p><strong>selected solo exhibitions<\/strong><\/p>\n<p><strong>2026<br \/>\n<\/strong>Metropolitan Baroque, Museum Gegenstandsfreier Kunst, Otterndorf<br \/>\n<strong>2025<\/strong><br \/>\nYour Thoughts Become Your Words, Your Words Become Your Reality, Wilde Gallery, Geneva<br \/>\nSynchronicity, Walter Storms Galerie, Munich<br \/>\n<strong>2024<\/strong><br \/>\nTechno Zen, Ludwig Museum, Museum of Contemporary Art, Budapest<br \/>\nTechno Zen, Hungarian Pavilion, 60. International Art Exhibition &#8211; La Biennale di Venezia<br \/>\n<strong>2023<\/strong><br \/>\nSolo booth with acb Gallery, The Armory Show, New York<br \/>\nAmplifier, Elijah Wheat Showroom, New York<br \/>\nLook into the Sun with your Eyes Closed, acb Gallery, Budapest<br \/>\nCity in the Sky, Double Q Gallery, Hong Kong<br \/>\n<strong>2022<\/strong><br \/>\nThe Better Self, Fold Gallery, London<br \/>\nSolo presentation with Annka Kultys Gallery, Sal\u00f3n ACME, Mexico City<br \/>\n<strong>2019<\/strong><br \/>\nGhosting Love, Annka Kultys Gallery, London<br \/>\nNew Positions, solo project with Erika De\u00e1k Gallery at Art Cologne, Cologne<br \/>\nTomorrow, Szent Istv\u00e1n Kir\u00e1ly Museum, Sz\u00e9kesfeh\u00e9rv\u00e1r<br \/>\n<strong>2016<\/strong><br \/>\nUnder Covered, Kunstklang in collaboration with Erika De\u00e1k Temporary Munich Gallery, Munich<br \/>\n<strong>2015<\/strong><br \/>\nOvercoloured, Erika De\u00e1k Gallery, Budapest<\/p>\n<div class=\"ls-shortcode-spacer clearfix\"><div class=\"spacer\"  style=\"height: 30px\"><\/div><\/div>\n<p><strong>selected group exhibitions<\/strong><\/p>\n<p><strong>2025<\/strong><br \/>\nBack to Back to Back, Reiter Galerie, Leipzig<br \/>\n<strong>2024<\/strong><br \/>\nCode+Canvas. Post-Digital Artworks from the Collection of the Hungarian National Bank, CHB &#8211; Collegium Hungaricum Berlin, Berli<br \/>\n2023<br \/>\nAbstraction is Freedom, 193 Gallery, Paris<br \/>\n<strong>2022<\/strong><br \/>\nNew Mediations, MODEM, Debrecen<br \/>\nYouhu, Kieselbach Gallery and Auction House, Budapest<br \/>\nFrom \u201cAbstraction\u201d to Abstraction, Stefana Gierowskiego Foundation, Warsaw<br \/>\nPlace Value &#8211; New Acquisitions, Ludwig Museum &#8211; Museum of Contemporary Art, Budapest<br \/>\n<strong>2020<\/strong><br \/>\nSolid Fiction, Emsdettener Kunstverein, Emsdetten<br \/>\nGhosting Love, Esterhazy Castle, Eisenstadt<br \/>\n<strong>2019<\/strong><br \/>\nEsterh\u00e1zy Art Award 2019, Ludwig Museum &#8211; Museum of Contemporary Art, Budapest<br \/>\nExpo Chicago, duo with Stine Deja, with Annka Kultys Gallery, Chicago<br \/>\nBuBu 02, duo with Zsolt Bodoni, Eleven Twenty Project, Buffalo<br \/>\nFalling Out the Rhythm, duo with Ma\u0142gorzata Szymankiewicz (traveling exhibition), Erika De\u00e1k Gallery, Budapest &#8211; HU, BWA Warszawa, Warsaw<br \/>\n<strong>2018<\/strong><br \/>\nCACOPTOPIA 03, Annka Kultys Gallery, London<br \/>\n<strong>2017<\/strong><br \/>\nAbstract Hungary, K\u00fcnstlerhaus, Halle f\u00fcr Kunst &amp; Medien, Graz[\/vc_column_text][\/vc_column]\n\t\t\t<\/div>\n\n\t\t\t\n\t\t\t\n\t\t\t\n\t\t\t\n\t\t<\/section>\n\n\t\n","protected":false},"excerpt":{"rendered":"[vc_column width=\"1\/3\"] [\/vc_column][vc_column width=\"2\/3\"][vc_column_text css=\"\"] M\u00e1rton Nemes (b. 1986, Sz\u00e9kesfeh\u00e9rv\u00e1r, Hungary) is a multimedia artist based in New York and Budapest, creating paintings, sculptures, installations and sounds. He received an MFA from Chelsea College of Arts, London in 2018. Initially inspired by the architecture of Budapest, a city that he <a class=\"moretag\" href=\"https:\/\/www.storms-galerie.de\/en\/artists\/marton-nemes\/biography\">read more...<\/a>","protected":false},"author":4,"featured_media":0,"parent":10544,"menu_order":4,"comment_status":"closed","ping_status":"closed","template":"","meta":{"_acf_changed":false,"footnotes":""},"class_list":["post-10540","page","type-page","status-publish","hentry"],"acf":[],"yoast_head":"<!-- This site is optimized with the Yoast SEO plugin v27.5 - https:\/\/yoast.com\/product\/yoast-seo-wordpress\/ -->\n<title>m\u00e1rton nemes - biography - Walter Storms Galerie GmbH<\/title>\n<meta name=\"description\" content=\"The career of M\u00e1rton Nemes: education, exhibitions, and key milestones at a glance.\" \/>\n<meta name=\"robots\" content=\"index, follow, max-snippet:-1, max-image-preview:large, max-video-preview:-1\" \/>\n<link rel=\"canonical\" href=\"https:\/\/www.storms-galerie.de\/en\/artists\/marton-nemes\/biography\" \/>\n<meta property=\"og:locale\" content=\"en_US\" \/>\n<meta property=\"og:type\" content=\"article\" \/>\n<meta property=\"og:title\" content=\"m\u00e1rton nemes - biography - Walter Storms Galerie GmbH\" \/>\n<meta property=\"og:description\" content=\"The career of M\u00e1rton Nemes: education, exhibitions, and key milestones at a glance.\" \/>\n<meta property=\"og:url\" content=\"https:\/\/www.storms-galerie.de\/en\/artists\/marton-nemes\/biography\" \/>\n<meta property=\"og:site_name\" content=\"Walter Storms Galerie GmbH\" \/>\n<meta property=\"article:modified_time\" content=\"2026-03-13T16:42:41+00:00\" \/>\n<meta name=\"twitter:card\" content=\"summary_large_image\" \/>\n<meta name=\"twitter:label1\" content=\"Est. reading time\" \/>\n\t<meta name=\"twitter:data1\" content=\"3 minutes\" \/>\n<script type=\"application\/ld+json\" class=\"yoast-schema-graph\">{\"@context\":\"https:\\\/\\\/schema.org\",\"@graph\":[{\"@type\":\"WebPage\",\"@id\":\"https:\\\/\\\/www.storms-galerie.de\\\/en\\\/artists\\\/marton-nemes\\\/biography\",\"url\":\"https:\\\/\\\/www.storms-galerie.de\\\/en\\\/artists\\\/marton-nemes\\\/biography\",\"name\":\"m\u00e1rton nemes - biography - Walter Storms Galerie GmbH\",\"isPartOf\":{\"@id\":\"https:\\\/\\\/www.storms-galerie.de\\\/#website\"},\"datePublished\":\"2024-10-10T09:19:29+00:00\",\"dateModified\":\"2026-03-13T16:42:41+00:00\",\"description\":\"The career of M\u00e1rton Nemes: education, exhibitions, and key milestones at a glance.\",\"breadcrumb\":{\"@id\":\"https:\\\/\\\/www.storms-galerie.de\\\/en\\\/artists\\\/marton-nemes\\\/biography#breadcrumb\"},\"inLanguage\":\"en-US\",\"potentialAction\":[{\"@type\":\"ReadAction\",\"target\":[\"https:\\\/\\\/www.storms-galerie.de\\\/en\\\/artists\\\/marton-nemes\\\/biography\"]}]},{\"@type\":\"BreadcrumbList\",\"@id\":\"https:\\\/\\\/www.storms-galerie.de\\\/en\\\/artists\\\/marton-nemes\\\/biography#breadcrumb\",\"itemListElement\":[{\"@type\":\"ListItem\",\"position\":1,\"name\":\"Startseite\",\"item\":\"https:\\\/\\\/www.storms-galerie.de\\\/en\\\/home\"},{\"@type\":\"ListItem\",\"position\":2,\"name\":\"artists\",\"item\":\"https:\\\/\\\/www.storms-galerie.de\\\/en\\\/artists\"},{\"@type\":\"ListItem\",\"position\":3,\"name\":\"m\u00e1rton nemes\",\"item\":\"https:\\\/\\\/www.storms-galerie.de\\\/en\\\/artists\\\/marton-nemes\"},{\"@type\":\"ListItem\",\"position\":4,\"name\":\"biography\"}]},{\"@type\":\"WebSite\",\"@id\":\"https:\\\/\\\/www.storms-galerie.de\\\/#website\",\"url\":\"https:\\\/\\\/www.storms-galerie.de\\\/\",\"name\":\"Walter Storms Galerie GmbH\",\"description\":\"\",\"potentialAction\":[{\"@type\":\"SearchAction\",\"target\":{\"@type\":\"EntryPoint\",\"urlTemplate\":\"https:\\\/\\\/www.storms-galerie.de\\\/?s={search_term_string}\"},\"query-input\":{\"@type\":\"PropertyValueSpecification\",\"valueRequired\":true,\"valueName\":\"search_term_string\"}}],\"inLanguage\":\"en-US\"}]}<\/script>\n<!-- \/ Yoast SEO plugin. -->","yoast_head_json":{"title":"m\u00e1rton nemes - biography - Walter Storms Galerie GmbH","description":"The career of M\u00e1rton Nemes: education, exhibitions, and key milestones at a glance.","robots":{"index":"index","follow":"follow","max-snippet":"max-snippet:-1","max-image-preview":"max-image-preview:large","max-video-preview":"max-video-preview:-1"},"canonical":"https:\/\/www.storms-galerie.de\/en\/artists\/marton-nemes\/biography","og_locale":"en_US","og_type":"article","og_title":"m\u00e1rton nemes - biography - Walter Storms Galerie GmbH","og_description":"The career of M\u00e1rton Nemes: education, exhibitions, and key milestones at a glance.","og_url":"https:\/\/www.storms-galerie.de\/en\/artists\/marton-nemes\/biography","og_site_name":"Walter Storms Galerie GmbH","article_modified_time":"2026-03-13T16:42:41+00:00","twitter_card":"summary_large_image","twitter_misc":{"Est. reading time":"3 minutes"},"schema":{"@context":"https:\/\/schema.org","@graph":[{"@type":"WebPage","@id":"https:\/\/www.storms-galerie.de\/en\/artists\/marton-nemes\/biography","url":"https:\/\/www.storms-galerie.de\/en\/artists\/marton-nemes\/biography","name":"m\u00e1rton nemes - biography - Walter Storms Galerie GmbH","isPartOf":{"@id":"https:\/\/www.storms-galerie.de\/#website"},"datePublished":"2024-10-10T09:19:29+00:00","dateModified":"2026-03-13T16:42:41+00:00","description":"The career of M\u00e1rton Nemes: education, exhibitions, and key milestones at a glance.","breadcrumb":{"@id":"https:\/\/www.storms-galerie.de\/en\/artists\/marton-nemes\/biography#breadcrumb"},"inLanguage":"en-US","potentialAction":[{"@type":"ReadAction","target":["https:\/\/www.storms-galerie.de\/en\/artists\/marton-nemes\/biography"]}]},{"@type":"BreadcrumbList","@id":"https:\/\/www.storms-galerie.de\/en\/artists\/marton-nemes\/biography#breadcrumb","itemListElement":[{"@type":"ListItem","position":1,"name":"Startseite","item":"https:\/\/www.storms-galerie.de\/en\/home"},{"@type":"ListItem","position":2,"name":"artists","item":"https:\/\/www.storms-galerie.de\/en\/artists"},{"@type":"ListItem","position":3,"name":"m\u00e1rton nemes","item":"https:\/\/www.storms-galerie.de\/en\/artists\/marton-nemes"},{"@type":"ListItem","position":4,"name":"biography"}]},{"@type":"WebSite","@id":"https:\/\/www.storms-galerie.de\/#website","url":"https:\/\/www.storms-galerie.de\/","name":"Walter Storms Galerie GmbH","description":"","potentialAction":[{"@type":"SearchAction","target":{"@type":"EntryPoint","urlTemplate":"https:\/\/www.storms-galerie.de\/?s={search_term_string}"},"query-input":{"@type":"PropertyValueSpecification","valueRequired":true,"valueName":"search_term_string"}}],"inLanguage":"en-US"}]}},"_links":{"self":[{"href":"https:\/\/www.storms-galerie.de\/en\/wp-json\/wp\/v2\/pages\/10540","targetHints":{"allow":["GET"]}}],"collection":[{"href":"https:\/\/www.storms-galerie.de\/en\/wp-json\/wp\/v2\/pages"}],"about":[{"href":"https:\/\/www.storms-galerie.de\/en\/wp-json\/wp\/v2\/types\/page"}],"author":[{"embeddable":true,"href":"https:\/\/www.storms-galerie.de\/en\/wp-json\/wp\/v2\/users\/4"}],"replies":[{"embeddable":true,"href":"https:\/\/www.storms-galerie.de\/en\/wp-json\/wp\/v2\/comments?post=10540"}],"version-history":[{"count":13,"href":"https:\/\/www.storms-galerie.de\/en\/wp-json\/wp\/v2\/pages\/10540\/revisions"}],"predecessor-version":[{"id":13085,"href":"https:\/\/www.storms-galerie.de\/en\/wp-json\/wp\/v2\/pages\/10540\/revisions\/13085"}],"up":[{"embeddable":true,"href":"https:\/\/www.storms-galerie.de\/en\/wp-json\/wp\/v2\/pages\/10544"}],"wp:attachment":[{"href":"https:\/\/www.storms-galerie.de\/en\/wp-json\/wp\/v2\/media?parent=10540"}],"curies":[{"name":"wp","href":"https:\/\/api.w.org\/{rel}","templated":true}]}}